{"version":"1.0","provider_name":"OcasionPlus Blog","provider_url":"https:\/\/www.ocasionplus.com\/noticias","author_name":"Cristhian Gonz\u00e1lez","author_url":"https:\/\/www.ocasionplus.com\/noticias\/author\/cristhian\/","title":"Citro\u00ebn \u00eb-C3 Aircross: Un SUV urbano el\u00e9ctrico de cinco plazas","type":"rich","width":600,"height":338,"html":"<blockquote class=\"wp-embedded-content\" data-secret=\"3HlGYXqzHM\"><a href=\"https:\/\/www.ocasionplus.com\/noticias\/citroen-e-c3-aircross-2024\/\">Citro\u00ebn \u00eb-C3 Aircross: Un SUV urbano el\u00e9ctrico de cinco plazas<\/a><\/blockquote><iframe sandbox=\"allow-scripts\" security=\"restricted\" src=\"https:\/\/www.ocasionplus.com\/noticias\/citroen-e-c3-aircross-2024\/embed\/#?secret=3HlGYXqzHM\" width=\"600\" height=\"338\" title=\"\u00abCitro\u00ebn \u00eb-C3 Aircross: Un SUV urbano el\u00e9ctrico de cinco plazas\u00bb \u2014 OcasionPlus Blog\" data-secret=\"3HlGYXqzHM\" frameborder=\"0\" marginwidth=\"0\" marginheight=\"0\" scrolling=\"no\" class=\"wp-embedded-content\"><\/iframe><script type=\"text\/javascript\">\n\/* <![CDATA[ *\/\n\/*! This file is auto-generated *\/\n!function(d,l){\"use strict\";l.querySelector&&d.addEventListener&&\"undefined\"!=typeof URL&&(d.wp=d.wp||{},d.wp.receiveEmbedMessage||(d.wp.receiveEmbedMessage=function(e){var t=e.data;if((t||t.secret||t.message||t.value)&&!\/[^a-zA-Z0-9]\/.test(t.secret)){for(var s,r,n,a=l.querySelectorAll('iframe[data-secret=\"'+t.secret+'\"]'),o=l.querySelectorAll('blockquote[data-secret=\"'+t.secret+'\"]'),c=new RegExp(\"^https?:$\",\"i\"),i=0;i<o.length;i++)o[i].style.display=\"none\";for(i=0;i<a.length;i++)s=a[i],e.source===s.contentWindow&&(s.removeAttribute(\"style\"),\"height\"===t.message?(1e3<(r=parseInt(t.value,10))?r=1e3:~~r<200&&(r=200),s.height=r):\"link\"===t.message&&(r=new URL(s.getAttribute(\"src\")),n=new URL(t.value),c.test(n.protocol))&&n.host===r.host&&l.activeElement===s&&(d.top.location.href=t.value))}},d.addEventListener(\"message\",d.wp.receiveEmbedMessage,!1),l.addEventListener(\"DOMContentLoaded\",function(){for(var e,t,s=l.querySelectorAll(\"iframe.wp-embedded-content\"),r=0;r<s.length;r++)(t=(e=s[r]).getAttribute(\"data-secret\"))||(t=Math.random().toString(36).substring(2,12),e.src+=\"#?secret=\"+t,e.setAttribute(\"data-secret\",t)),e.contentWindow.postMessage({message:\"ready\",secret:t},\"*\")},!1)))}(window,document);\n\/* ]]> *\/\n<\/script>\n","thumbnail_url":"https:\/\/www.ocasionplus.com\/wp-content\/uploads\/2024\/06\/Citroen-e-c3-aircross.jpg","thumbnail_width":1280,"thumbnail_height":512,"description":"Citro\u00ebn, tras presentar el C3 Aircross, mostr\u00f3 el Citro\u00ebn \u00eb-C3 Aircross, la versi\u00f3n 100% el\u00e9ctrica del modelo. Este SUV urbano solo estar\u00e1 disponible en cinco plazas, mientras que la versi\u00f3n de combusti\u00f3n, estar\u00e1 disponible para siete plazas.&nbsp; El \u00eb-C3 Aircross se realiz\u00f3 sobre la plataforma Smart Car, que realiz\u00f3 el Grupo Stellantis, permitiendo que esta..."}